{"id":3232,"date":"2021-11-26T18:15:54","date_gmt":"2021-11-26T17:15:54","guid":{"rendered":"http:\/\/www.didier-formet-photographie.com\/?page_id=3232"},"modified":"2023-11-23T16:46:59","modified_gmt":"2023-11-23T15:46:59","slug":"elementor-3232","status":"publish","type":"page","link":"https:\/\/www.didier-formet-photographie.com\/index.php\/about-us\/elementor-3232\/","title":{"rendered":"Avis clients"},"content":{"rendered":"\t\t<div data-elementor-type=\"wp-page\" data-elementor-id=\"3232\" class=\"elementor elementor-3232\">\n\t\t\t\t\t\t<section class=\"elementor-section elementor-top-section elementor-element elementor-element-5ddc1440 elementor-section-stretched elementor-section-content-top elementor-section-boxed elementor-section-height-default elementor-section-height-default\" data-id=\"5ddc1440\" data-element_type=\"section\" data-e-type=\"section\" data-settings=\"{&quot;stretch_section&quot;:&quot;section-stretched&quot;}\">\n\t\t\t\t\t\t<div class=\"elementor-container elementor-column-gap-default\">\n\t\t\t\t\t<div class=\"elementor-column elementor-col-100 elementor-top-column elementor-element elementor-element-71cf3a26\" data-id=\"71cf3a26\" data-element_type=\"column\" data-e-type=\"column\">\n\t\t\t<div class=\"elementor-widget-wrap elementor-element-populated\">\n\t\t\t\t\t\t<div class=\"elementor-element elementor-element-6431eca6 elementor-widget elementor-widget-heading\" data-id=\"6431eca6\" data-element_type=\"widget\" data-e-type=\"widget\" data-widget_type=\"heading.default\">\n\t\t\t\t<div class=\"elementor-widget-container\">\n\t\t\t\t\t<h4 class=\"elementor-heading-title elementor-size-small\">T\u00e9moignages<\/h4>\t\t\t\t<\/div>\n\t\t\t\t<\/div>\n\t\t\t\t<section class=\"elementor-section elementor-inner-section elementor-element elementor-element-9ab85c2 elementor-section-boxed elementor-section-height-default elementor-section-height-default\" data-id=\"9ab85c2\" data-element_type=\"section\" data-e-type=\"section\">\n\t\t\t\t\t\t<div class=\"elementor-container elementor-column-gap-default\">\n\t\t\t\t\t<div class=\"elementor-column elementor-col-33 elementor-inner-column elementor-element elementor-element-7cdc773\" data-id=\"7cdc773\" data-element_type=\"column\" data-e-type=\"column\">\n\t\t\t<div class=\"elementor-widget-wrap elementor-element-populated\">\n\t\t\t\t\t\t<div class=\"elementor-element elementor-element-aa5332d elementor-widget elementor-widget-testimonial\" data-id=\"aa5332d\" data-element_type=\"widget\" data-e-type=\"widget\" data-widget_type=\"testimonial.default\">\n\t\t\t\t<div class=\"elementor-widget-container\">\n\t\t\t\t\t\t\t<div class=\"elementor-testimonial-wrapper\">\n\t\t\t\t\t\t\t<div class=\"elementor-testimonial-content\">Une jolie experience en compagnie de Didier pour un premier shooting couple. Tr\u00e8s professionnel, pas du tout intrusif et le r\u00e9sultat est l\u00e0. Bravo et merci encore pour votre bienveillance   <img decoding=\"async\" role=\"img\" class=\"emoji\" alt=\"\ud83d\ude4f\" src=\"https:\/\/s.w.org\/images\/core\/emoji\/14.0.0\/svg\/1f64f.svg\"><\/div>\n\t\t\t\n\t\t\t\t\t\t<div class=\"elementor-testimonial-meta\">\n\t\t\t\t<div class=\"elementor-testimonial-meta-inner\">\n\t\t\t\t\t\n\t\t\t\t\t\t\t\t\t\t<div class=\"elementor-testimonial-details\">\n\t\t\t\t\t\t\t\t\t\t\t\t\t\t<a class=\"elementor-testimonial-name\" href=\"https:\/\/g.co\/kgs\/KurVEH\" target=\"_blank\">Laure &amp; Greg<\/a>\n\t\t\t\t\t\t\t\t\t\t\t\t\t\t\t\t\t\t\t<\/div>\n\t\t\t\t\t\t\t\t\t<\/div>\n\t\t\t<\/div>\n\t\t\t\t\t<\/div>\n\t\t\t\t\t\t<\/div>\n\t\t\t\t<\/div>\n\t\t\t\t<div class=\"elementor-element elementor-element-425f253 elementor-widget elementor-widget-testimonial\" data-id=\"425f253\" data-element_type=\"widget\" data-e-type=\"widget\" data-widget_type=\"testimonial.default\">\n\t\t\t\t<div class=\"elementor-widget-container\">\n\t\t\t\t\t\t\t<div class=\"elementor-testimonial-wrapper\">\n\t\t\t\t\t\t\t<div class=\"elementor-testimonial-content\">J'avais besoin d'organiser une s\u00e9ance photo pour offrir un beau portrait de ses quatre enfants \u00e0 mon p\u00e8re, \u00e0 l'occasion de ses 70 ans. (\u2026) \nM. Formet m'a rappel\u00e9 dans la journ\u00e9e. Il s'est d\u00e9plac\u00e9 avec un studio mobile, tr\u00e8s pratique . Cette s\u00e9ance devait \u00eatre une surprise pour mon p\u00e8re, et m. Formet a tout \u00e0 fait jou\u00e9 le jeu et est entr\u00e9 dans la confidence.  J'ai \u00e9t\u00e9 surpris par la tr\u00e8s bonne qualit\u00e9 du mat\u00e9riel qu'il a pu transporter avec lui, et la rapidit\u00e9 avec laquelle il a pu l'installer. Il s'est montr\u00e9 efficace et tr\u00e8s professionnel, tout en \u00e9tant tr\u00e8s\nsympathique. Il a su rester calme et patient avec ma tr\u00e8s jeune ni\u00e8ce de 3\/4 ans... et s'adapter pour lui faire faire les meilleurs portraits. J'ai \u00e9t\u00e9 tr\u00e8s content du rendu - et  mon p\u00e8re a \u00e9norm\u00e9ment appr\u00e9ci\u00e9 son cadeau surprise!\nPour r\u00e9sumer, M. Formet a \u00e9t\u00e9 r\u00e9actif, arrangeant, ponctuel, efficace, professionnel, sympathique, patient avec les enfants,  et surtout fait de tr\u00e8s belles photos. <\/div>\n\t\t\t\n\t\t\t\t\t\t<div class=\"elementor-testimonial-meta\">\n\t\t\t\t<div class=\"elementor-testimonial-meta-inner\">\n\t\t\t\t\t\n\t\t\t\t\t\t\t\t\t\t<div class=\"elementor-testimonial-details\">\n\t\t\t\t\t\t\t\t\t\t\t\t\t\t<div class=\"elementor-testimonial-name\">adrienb*@gmail.com<\/div>\n\t\t\t\t\t\t\t\t\t\t\t\t\t\t\t\t\t\t\t<\/div>\n\t\t\t\t\t\t\t\t\t<\/div>\n\t\t\t<\/div>\n\t\t\t\t\t<\/div>\n\t\t\t\t\t\t<\/div>\n\t\t\t\t<\/div>\n\t\t\t\t<div class=\"elementor-element elementor-element-3d9a7c7 elementor-widget elementor-widget-testimonial\" data-id=\"3d9a7c7\" data-element_type=\"widget\" data-e-type=\"widget\" data-widget_type=\"testimonial.default\">\n\t\t\t\t<div class=\"elementor-widget-container\">\n\t\t\t\t\t\t\t<div class=\"elementor-testimonial-wrapper\">\n\t\t\t\t\t\t\t<div class=\"elementor-testimonial-content\"><p style=\"margin-bottom: 0cm;border: none;padding: 0cm\"><font color=\"#000000\">Salut Didier,\nMerci pour ton professionnalisme.\nTu es tjs autant impliqu\u00e9 et investi dans chacun de tes projets et c'est vraiment appr\u00e9ciable&nbsp;..\nNous aurons de super souvenirs de cette journ\u00e9e gr\u00e2ce \u00e0 toi.<\/div>\n\t\t\t\n\t\t\t\t\t\t<div class=\"elementor-testimonial-meta\">\n\t\t\t\t<div class=\"elementor-testimonial-meta-inner\">\n\t\t\t\t\t\n\t\t\t\t\t\t\t\t\t\t<div class=\"elementor-testimonial-details\">\n\t\t\t\t\t\t\t\t\t\t\t\t\t\t<div class=\"elementor-testimonial-name\">laetitia*@cns-instrumentation.com<\/div>\n\t\t\t\t\t\t\t\t\t\t\t\t\t\t\t\t\t\t\t<\/div>\n\t\t\t\t\t\t\t\t\t<\/div>\n\t\t\t<\/div>\n\t\t\t\t\t<\/div>\n\t\t\t\t\t\t<\/div>\n\t\t\t\t<\/div>\n\t\t\t\t\t<\/div>\n\t\t<\/div>\n\t\t\t\t<div class=\"elementor-column elementor-col-33 elementor-inner-column elementor-element elementor-element-04e715a\" data-id=\"04e715a\" data-element_type=\"column\" data-e-type=\"column\">\n\t\t\t<div class=\"elementor-widget-wrap elementor-element-populated\">\n\t\t\t\t\t\t<div class=\"elementor-element elementor-element-14054f2 elementor-widget elementor-widget-testimonial\" data-id=\"14054f2\" data-element_type=\"widget\" data-e-type=\"widget\" data-widget_type=\"testimonial.default\">\n\t\t\t\t<div class=\"elementor-widget-container\">\n\t\t\t\t\t\t\t<div class=\"elementor-testimonial-wrapper\">\n\t\t\t\t\t\t\t<div class=\"elementor-testimonial-content\">J'aime le style de photos que vous faites, ,je trouve vos photos simples et non vulgaires.<p><\/p> Par contre je ne me sens pas du tout a l'aise face a un objectif, bien que l'on me dise souvent que suis jolie, je suis rarement en photo. (\u2026)<p><\/p>R\u00e9ponse : Le fait que vous soyez g\u00ean\u00e9e devant un objectif constitue un tr\u00e8s bon exercice pour moi, si j'arrive \u00e0 vous mettre \u00e0 l'aise et en\nvaleur sur les photos j'aurai r\u00e9ussi mon challenge.<\/div>\n\t\t\t\n\t\t\t\t\t\t<div class=\"elementor-testimonial-meta\">\n\t\t\t\t<div class=\"elementor-testimonial-meta-inner\">\n\t\t\t\t\t\n\t\t\t\t\t\t\t\t\t\t<div class=\"elementor-testimonial-details\">\n\t\t\t\t\t\t\t\t\t\t\t\t\t\t<div class=\"elementor-testimonial-name\">*.diane@orange.fr<\/div>\n\t\t\t\t\t\t\t\t\t\t\t\t\t\t\t\t\t\t\t<\/div>\n\t\t\t\t\t\t\t\t\t<\/div>\n\t\t\t<\/div>\n\t\t\t\t\t<\/div>\n\t\t\t\t\t\t<\/div>\n\t\t\t\t<\/div>\n\t\t\t\t<div class=\"elementor-element elementor-element-05de602 elementor-widget elementor-widget-testimonial\" data-id=\"05de602\" data-element_type=\"widget\" data-e-type=\"widget\" data-widget_type=\"testimonial.default\">\n\t\t\t\t<div class=\"elementor-widget-container\">\n\t\t\t\t\t\t\t<div class=\"elementor-testimonial-wrapper\">\n\t\t\t\t\t\t\t<div class=\"elementor-testimonial-content\">Aspects positifs : Professionnalisme, Qualit\u00e9, R\u00e9activit\u00e9.\nDidier est un portraitiste sensible \u00e0 l'expression et \u00e0 la beaut\u00e9 naturelle de chacun. <\/P>Tr\u00e8s humain et \u00e0 l'\u00e9coute, il a tout de suite su me mettre \u00e0 l'aise. J'ai particuli\u00e8rement appr\u00e9ci\u00e9 le d\u00e9roul\u00e9\nde la s\u00e9ance de prise de vues : moment de partage avec un excellent guide qui laisse place \u00e0 la cr\u00e9ativit\u00e9 et la spontan\u00e9it\u00e9.<\/P> Merci pour cette exp\u00e9rience valorisante et authentique !<\/font><\/font><\/font><span style=\"text-align: center\"><\/span><\/p><\/div>\n\t\t\t\n\t\t\t\t\t\t<div class=\"elementor-testimonial-meta\">\n\t\t\t\t<div class=\"elementor-testimonial-meta-inner\">\n\t\t\t\t\t\n\t\t\t\t\t\t\t\t\t\t<div class=\"elementor-testimonial-details\">\n\t\t\t\t\t\t\t\t\t\t\t\t\t\t<div class=\"elementor-testimonial-name\">clem*@gmail.com<\/div>\n\t\t\t\t\t\t\t\t\t\t\t\t\t\t\t\t\t\t\t<\/div>\n\t\t\t\t\t\t\t\t\t<\/div>\n\t\t\t<\/div>\n\t\t\t\t\t<\/div>\n\t\t\t\t\t\t<\/div>\n\t\t\t\t<\/div>\n\t\t\t\t<div class=\"elementor-element elementor-element-2c49249 elementor-widget elementor-widget-testimonial\" data-id=\"2c49249\" data-element_type=\"widget\" data-e-type=\"widget\" data-widget_type=\"testimonial.default\">\n\t\t\t\t<div class=\"elementor-widget-container\">\n\t\t\t\t\t\t\t<div class=\"elementor-testimonial-wrapper\">\n\t\t\t\t\t\t\t<div class=\"elementor-testimonial-content\">\ud83d\ude42 Wha merci j'avais h\u00e2te de voir les photos! <\/P>Elles sont tr\u00e8s jolies! Vous avez fait un bon travail, je suis tr\u00e8s satisfaite ! =) <\/P>Merci beaucoup pour cet agr\u00e9able moment et ce joli r\u00e9sultat ! <\/P>Votre book photo est pos\u00e9 sur ma chemin\u00e9e et je suis vraiment ravie d'avoir \"travaill\u00e9\" avec vous \ud83d\ude42<\/div>\n\t\t\t\n\t\t\t\t\t\t<div class=\"elementor-testimonial-meta\">\n\t\t\t\t<div class=\"elementor-testimonial-meta-inner\">\n\t\t\t\t\t\n\t\t\t\t\t\t\t\t\t\t<div class=\"elementor-testimonial-details\">\n\t\t\t\t\t\t\t\t\t\t\t\t\t\t<div class=\"elementor-testimonial-name\">chloe*@hotmail.fr<\/div>\n\t\t\t\t\t\t\t\t\t\t\t\t\t\t\t\t\t\t\t<\/div>\n\t\t\t\t\t\t\t\t\t<\/div>\n\t\t\t<\/div>\n\t\t\t\t\t<\/div>\n\t\t\t\t\t\t<\/div>\n\t\t\t\t<\/div>\n\t\t\t\t\t<\/div>\n\t\t<\/div>\n\t\t\t\t<div class=\"elementor-column elementor-col-33 elementor-inner-column elementor-element elementor-element-523d905\" data-id=\"523d905\" data-element_type=\"column\" data-e-type=\"column\">\n\t\t\t<div class=\"elementor-widget-wrap elementor-element-populated\">\n\t\t\t\t\t\t<div class=\"elementor-element elementor-element-38d6011 elementor-widget elementor-widget-testimonial\" data-id=\"38d6011\" data-element_type=\"widget\" data-e-type=\"widget\" data-widget_type=\"testimonial.default\">\n\t\t\t\t<div class=\"elementor-widget-container\">\n\t\t\t\t\t\t\t<div class=\"elementor-testimonial-wrapper\">\n\t\t\t\t\t\t\t<div class=\"elementor-testimonial-content\"><p style=\"margin-bottom: 0cm;border: none;padding: 0cm\"><font color=\"#000000\">Merci\npour les photos, elles me plaisent beaucoup!<\/font><\/p><\/div>\n\t\t\t\n\t\t\t\t\t\t<div class=\"elementor-testimonial-meta\">\n\t\t\t\t<div class=\"elementor-testimonial-meta-inner\">\n\t\t\t\t\t\n\t\t\t\t\t\t\t\t\t\t<div class=\"elementor-testimonial-details\">\n\t\t\t\t\t\t\t\t\t\t\t\t\t\t<div class=\"elementor-testimonial-name\">elodie*@gmail.com<\/div>\n\t\t\t\t\t\t\t\t\t\t\t\t\t\t\t\t\t\t\t<\/div>\n\t\t\t\t\t\t\t\t\t<\/div>\n\t\t\t<\/div>\n\t\t\t\t\t<\/div>\n\t\t\t\t\t\t<\/div>\n\t\t\t\t<\/div>\n\t\t\t\t<div class=\"elementor-element elementor-element-20aa5bf elementor-widget elementor-widget-testimonial\" data-id=\"20aa5bf\" data-element_type=\"widget\" data-e-type=\"widget\" data-widget_type=\"testimonial.default\">\n\t\t\t\t<div class=\"elementor-widget-container\">\n\t\t\t\t\t\t\t<div class=\"elementor-testimonial-wrapper\">\n\t\t\t\t\t\t\t<div class=\"elementor-testimonial-content\">Aspects\npositifs : Professionnalisme, Qualit\u00e9\nToujours d'une grande patience et souplesse face aux questions et sait mettre \u00e0 l'aise et en confiance. <\/P>\nJe recommande fortement.<\/div>\n\t\t\t\n\t\t\t\t\t\t<div class=\"elementor-testimonial-meta\">\n\t\t\t\t<div class=\"elementor-testimonial-meta-inner\">\n\t\t\t\t\t\n\t\t\t\t\t\t\t\t\t\t<div class=\"elementor-testimonial-details\">\n\t\t\t\t\t\t\t\t\t\t\t\t\t\t<a class=\"elementor-testimonial-name\" href=\"https:\/\/goo.gl\/maps\/RsR967Q4r3Aqd5va7\" target=\"_blank\">camotte camille<\/a>\n\t\t\t\t\t\t\t\t\t\t\t\t\t\t\t\t\t\t\t<\/div>\n\t\t\t\t\t\t\t\t\t<\/div>\n\t\t\t<\/div>\n\t\t\t\t\t<\/div>\n\t\t\t\t\t\t<\/div>\n\t\t\t\t<\/div>\n\t\t\t\t<div class=\"elementor-element elementor-element-b67003f elementor-widget elementor-widget-testimonial\" data-id=\"b67003f\" data-element_type=\"widget\" data-e-type=\"widget\" data-widget_type=\"testimonial.default\">\n\t\t\t\t<div class=\"elementor-widget-container\">\n\t\t\t\t\t\t\t<div class=\"elementor-testimonial-wrapper\">\n\t\t\t\t\t\t\t<div class=\"elementor-testimonial-content\">Bon accueil et bonne ambiance. Didier sait ce qu'il fait et met en confiance, tout en restant souple si le client a lui aussi des envies ou des attentes.<\/div>\n\t\t\t\n\t\t\t\t\t\t<div class=\"elementor-testimonial-meta\">\n\t\t\t\t<div class=\"elementor-testimonial-meta-inner\">\n\t\t\t\t\t\n\t\t\t\t\t\t\t\t\t\t<div class=\"elementor-testimonial-details\">\n\t\t\t\t\t\t\t\t\t\t\t\t\t\t<a class=\"elementor-testimonial-name\" href=\"https:\/\/www.google.com\/maps\/contrib\/106977890779825091691?hl=fr-FR&#038;sa=X&#038;ved=2ahUKEwjm8-DM9cT0AhUixYUKHddtA3AQvvQBegQIARAv\" target=\"_blank\">manon.*@gmail.com<\/a>\n\t\t\t\t\t\t\t\t\t\t\t\t\t\t\t\t\t\t\t<\/div>\n\t\t\t\t\t\t\t\t\t<\/div>\n\t\t\t<\/div>\n\t\t\t\t\t<\/div>\n\t\t\t\t\t\t<\/div>\n\t\t\t\t<\/div>\n\t\t\t\t<div class=\"elementor-element elementor-element-1c356c2 elementor-widget elementor-widget-testimonial\" data-id=\"1c356c2\" data-element_type=\"widget\" data-e-type=\"widget\" data-widget_type=\"testimonial.default\">\n\t\t\t\t<div class=\"elementor-widget-container\">\n\t\t\t\t\t\t\t<div class=\"elementor-testimonial-wrapper\">\n\t\t\t\t\t\t\t<div class=\"elementor-testimonial-content\">Objet: : Re: photo tokyoto<\/P>\nLes photos sont magnifiques. <\/P>Merci au\nphotographe!!! \n<\/div>\n\t\t\t\n\t\t\t\t\t\t<div class=\"elementor-testimonial-meta\">\n\t\t\t\t<div class=\"elementor-testimonial-meta-inner\">\n\t\t\t\t\t\n\t\t\t\t\t\t\t\t\t\t<div class=\"elementor-testimonial-details\">\n\t\t\t\t\t\t\t\t\t\t\t\t\t\t<div class=\"elementor-testimonial-name\">alix*@hotmail.fr<\/div>\n\t\t\t\t\t\t\t\t\t\t\t\t\t\t\t\t\t\t\t<\/div>\n\t\t\t\t\t\t\t\t\t<\/div>\n\t\t\t<\/div>\n\t\t\t\t\t<\/div>\n\t\t\t\t\t\t<\/div>\n\t\t\t\t<\/div>\n\t\t\t\t<div class=\"elementor-element elementor-element-3af44fb elementor-widget elementor-widget-testimonial\" data-id=\"3af44fb\" data-element_type=\"widget\" data-e-type=\"widget\" data-widget_type=\"testimonial.default\">\n\t\t\t\t<div class=\"elementor-widget-container\">\n\t\t\t\t\t\t\t<div class=\"elementor-testimonial-wrapper\">\n\t\t\t\t\t\t\t<div class=\"elementor-testimonial-content\">Je souhaitais vous remercier pour la s\u00e9ance d'aujourd'hui.\nPour une premi\u00e8re, je trouve que c'\u00e9tait bien. Et la qualit\u00e9 est belle. <\/div>\n\t\t\t\n\t\t\t\t\t\t<div class=\"elementor-testimonial-meta\">\n\t\t\t\t<div class=\"elementor-testimonial-meta-inner\">\n\t\t\t\t\t\n\t\t\t\t\t\t\t\t\t\t<div class=\"elementor-testimonial-details\">\n\t\t\t\t\t\t\t\t\t\t\t\t\t\t<div class=\"elementor-testimonial-name\">jenn*@live.fr<\/div>\n\t\t\t\t\t\t\t\t\t\t\t\t\t\t\t\t\t\t\t<\/div>\n\t\t\t\t\t\t\t\t\t<\/div>\n\t\t\t<\/div>\n\t\t\t\t\t<\/div>\n\t\t\t\t\t\t<\/div>\n\t\t\t\t<\/div>\n\t\t\t\t<div class=\"elementor-element elementor-element-07fddf3 elementor-widget elementor-widget-testimonial\" data-id=\"07fddf3\" data-element_type=\"widget\" data-e-type=\"widget\" data-widget_type=\"testimonial.default\">\n\t\t\t\t<div class=\"elementor-widget-container\">\n\t\t\t\t\t\t\t<div class=\"elementor-testimonial-wrapper\">\n\t\t\t\t\t\t\t<div class=\"elementor-testimonial-content\">Merci Didier pour ces beaux clich\u00e9s. Ce\nn'est pas seulement des corps et des visages photographi\u00e9s dans une habile mise en sc\u00e8ne, il y transparait l'int\u00e9rieur des personnes\nphotographi\u00e9es.<\/P>\nComme si tu pouvais toucher du bout de l'objectif de ton appareil l'\u00e2me profonde des gens.\n<\/div>\n\t\t\t\n\t\t\t\t\t\t<div class=\"elementor-testimonial-meta\">\n\t\t\t\t<div class=\"elementor-testimonial-meta-inner\">\n\t\t\t\t\t\n\t\t\t\t\t\t\t\t\t\t<div class=\"elementor-testimonial-details\">\n\t\t\t\t\t\t\t\t\t\t\t\t\t\t<div class=\"elementor-testimonial-name\">contact@phil-good.fr<\/div>\n\t\t\t\t\t\t\t\t\t\t\t\t\t\t\t\t\t\t\t<\/div>\n\t\t\t\t\t\t\t\t\t<\/div>\n\t\t\t<\/div>\n\t\t\t\t\t<\/div>\n\t\t\t\t\t\t<\/div>\n\t\t\t\t<\/div>\n\t\t\t\t\t<\/div>\n\t\t<\/div>\n\t\t\t\t\t<\/div>\n\t\t<\/section>\n\t\t\t\t<section class=\"elementor-section elementor-inner-section elementor-element elementor-element-5850051a elementor-section-boxed elementor-section-height-default elementor-section-height-default\" data-id=\"5850051a\" data-element_type=\"section\" data-e-type=\"section\">\n\t\t\t\t\t\t<div class=\"elementor-container elementor-column-gap-default\">\n\t\t\t\t\t<div class=\"elementor-column elementor-col-33 elementor-inner-column elementor-element elementor-element-357a63df\" data-id=\"357a63df\" data-element_type=\"column\" data-e-type=\"column\">\n\t\t\t<div class=\"elementor-widget-wrap elementor-element-populated\">\n\t\t\t\t\t\t<div class=\"elementor-element elementor-element-9120e90 elementor-widget elementor-widget-testimonial\" data-id=\"9120e90\" data-element_type=\"widget\" data-e-type=\"widget\" data-widget_type=\"testimonial.default\">\n\t\t\t\t<div class=\"elementor-widget-container\">\n\t\t\t\t\t\t\t<div class=\"elementor-testimonial-wrapper\">\n\t\t\t\t\t\t\t<div class=\"elementor-testimonial-content\">Cher\nDidier-san,<\/P>D\u00f4mo Arigat\u00f4 pour des photos de la f\u00eate o\u00f9 l'on a eu un bon moment. J'ai vraiment appr\u00e9ci\u00e9 \u00e0 ta g\u00e9n\u00e9rosit\u00e9 pour tout\nle monde. J'esp\u00e8re que je pourrai travailler avec toi \u00e0 la prochaine occasion.<\/P>\nA bient\u00f4t, bisous\n<\/div>\n\t\t\t\n\t\t\t\t\t\t<div class=\"elementor-testimonial-meta\">\n\t\t\t\t<div class=\"elementor-testimonial-meta-inner\">\n\t\t\t\t\t\n\t\t\t\t\t\t\t\t\t\t<div class=\"elementor-testimonial-details\">\n\t\t\t\t\t\t\t\t\t\t\t\t\t\t<div class=\"elementor-testimonial-name\">Nobuyo*@yahoo.frr<\/div>\n\t\t\t\t\t\t\t\t\t\t\t\t\t\t\t\t\t\t\t<\/div>\n\t\t\t\t\t\t\t\t\t<\/div>\n\t\t\t<\/div>\n\t\t\t\t\t<\/div>\n\t\t\t\t\t\t<\/div>\n\t\t\t\t<\/div>\n\t\t\t\t<div class=\"elementor-element elementor-element-4efbd5b elementor-widget elementor-widget-testimonial\" data-id=\"4efbd5b\" data-element_type=\"widget\" data-e-type=\"widget\" data-widget_type=\"testimonial.default\">\n\t\t\t\t<div class=\"elementor-widget-container\">\n\t\t\t\t\t\t\t<div class=\"elementor-testimonial-wrapper\">\n\t\t\t\t\t\t\t<div class=\"elementor-testimonial-content\">Excellent contact avec vous, vous \u00eates tr\u00e8s agr\u00e9able patient et \u00e0 l\u2019\u00e9coute.<\/p>\nCette s\u00e9ance a \u00e9t\u00e9 un enchantement pour toute mon \u00e9quipe et moi m\u00eame. \n<\/div>\n\t\t\t\n\t\t\t\t\t\t<div class=\"elementor-testimonial-meta\">\n\t\t\t\t<div class=\"elementor-testimonial-meta-inner\">\n\t\t\t\t\t\n\t\t\t\t\t\t\t\t\t\t<div class=\"elementor-testimonial-details\">\n\t\t\t\t\t\t\t\t\t\t\t\t\t\t<div class=\"elementor-testimonial-name\">nakissa.debois@but.fr<\/div>\n\t\t\t\t\t\t\t\t\t\t\t\t\t\t\t\t\t\t\t<\/div>\n\t\t\t\t\t\t\t\t\t<\/div>\n\t\t\t<\/div>\n\t\t\t\t\t<\/div>\n\t\t\t\t\t\t<\/div>\n\t\t\t\t<\/div>\n\t\t\t\t\t<\/div>\n\t\t<\/div>\n\t\t\t\t<div class=\"elementor-column elementor-col-33 elementor-inner-column elementor-element elementor-element-584c3261\" data-id=\"584c3261\" data-element_type=\"column\" data-e-type=\"column\">\n\t\t\t<div class=\"elementor-widget-wrap elementor-element-populated\">\n\t\t\t\t\t\t<div class=\"elementor-element elementor-element-318a801d elementor-widget elementor-widget-testimonial\" data-id=\"318a801d\" data-element_type=\"widget\" data-e-type=\"widget\" data-widget_type=\"testimonial.default\">\n\t\t\t\t<div class=\"elementor-widget-container\">\n\t\t\t\t\t\t\t<div class=\"elementor-testimonial-wrapper\">\n\t\t\t\t\t\t\t<div class=\"elementor-testimonial-content\">Merci beaucoup, elles nous plaisent, sa nous fait plaisir. A bient\u00f4t<\/div>\n\t\t\t\n\t\t\t\t\t\t<div class=\"elementor-testimonial-meta\">\n\t\t\t\t<div class=\"elementor-testimonial-meta-inner\">\n\t\t\t\t\t\n\t\t\t\t\t\t\t\t\t\t<div class=\"elementor-testimonial-details\">\n\t\t\t\t\t\t\t\t\t\t\t\t\t\t<div class=\"elementor-testimonial-name\">marii*@hotmail.fr<\/div>\n\t\t\t\t\t\t\t\t\t\t\t\t\t\t\t\t\t\t\t<\/div>\n\t\t\t\t\t\t\t\t\t<\/div>\n\t\t\t<\/div>\n\t\t\t\t\t<\/div>\n\t\t\t\t\t\t<\/div>\n\t\t\t\t<\/div>\n\t\t\t\t<div class=\"elementor-element elementor-element-9c01f4e elementor-widget elementor-widget-testimonial\" data-id=\"9c01f4e\" data-element_type=\"widget\" data-e-type=\"widget\" data-widget_type=\"testimonial.default\">\n\t\t\t\t<div class=\"elementor-widget-container\">\n\t\t\t\t\t\t\t<div class=\"elementor-testimonial-wrapper\">\n\t\t\t\t\t\t\t<div class=\"elementor-testimonial-content\">Bonjour\nDidier, merci pour ces belles photos qui feront des heureux. <\/P>\nTes portraits sont tr\u00e8s int\u00e9ressants, je m'\u00e9tonne de toutes les\nattitudes que peuvent avoir les gens, leurs expressions faciales,\nleur attitude, leur posture, leurs gestes...<\/P> Et certaines sont\n\u00e9clatantes de spontan\u00e9it\u00e9. La s\u00e9rie sur la famille black contient de tr\u00e8s jolis portraits.\n<\/div>\n\t\t\t\n\t\t\t\t\t\t<div class=\"elementor-testimonial-meta\">\n\t\t\t\t<div class=\"elementor-testimonial-meta-inner\">\n\t\t\t\t\t\n\t\t\t\t\t\t\t\t\t\t<div class=\"elementor-testimonial-details\">\n\t\t\t\t\t\t\t\t\t\t\t\t\t\t<div class=\"elementor-testimonial-name\">philippe.*@free.fr<\/div>\n\t\t\t\t\t\t\t\t\t\t\t\t\t\t\t\t\t\t\t<\/div>\n\t\t\t\t\t\t\t\t\t<\/div>\n\t\t\t<\/div>\n\t\t\t\t\t<\/div>\n\t\t\t\t\t\t<\/div>\n\t\t\t\t<\/div>\n\t\t\t\t\t<\/div>\n\t\t<\/div>\n\t\t\t\t<div class=\"elementor-column elementor-col-33 elementor-inner-column elementor-element elementor-element-6e48de0b\" data-id=\"6e48de0b\" data-element_type=\"column\" data-e-type=\"column\">\n\t\t\t<div class=\"elementor-widget-wrap elementor-element-populated\">\n\t\t\t\t\t\t<div class=\"elementor-element elementor-element-314d2d80 elementor-widget elementor-widget-testimonial\" data-id=\"314d2d80\" data-element_type=\"widget\" data-e-type=\"widget\" data-widget_type=\"testimonial.default\">\n\t\t\t\t<div class=\"elementor-widget-container\">\n\t\t\t\t\t\t\t<div class=\"elementor-testimonial-wrapper\">\n\t\t\t\t\t\t\t<div class=\"elementor-testimonial-content\">Salut purikura san <\/P>Juste pour te dire que tu as le sens de la photo, c'est pas donn\u00e9 \u00e0 tout le monde.<\/P> Merci pour tout ces clich\u00e9s, la photo que tu as faite de kurisu et moi est bien, elle va bien nous servir pour notre promo. (...) <\/P>Tu sais capter le quelque-chose de chacun :&gt; merci encore et... \u00e0 bient\u00f4t<\/div>\n\t\t\t\n\t\t\t\t\t\t<div class=\"elementor-testimonial-meta\">\n\t\t\t\t<div class=\"elementor-testimonial-meta-inner\">\n\t\t\t\t\t\n\t\t\t\t\t\t\t\t\t\t<div class=\"elementor-testimonial-details\">\n\t\t\t\t\t\t\t\t\t\t\t\t\t\t<div class=\"elementor-testimonial-name\">Samura\u00ef Radio<\/div>\n\t\t\t\t\t\t\t\t\t\t\t\t\t\t\t\t\t\t\t\t\t\t<div class=\"elementor-testimonial-job\">Animateur<\/div>\n\t\t\t\t\t\t\t\t\t\t\t\t\t<\/div>\n\t\t\t\t\t\t\t\t\t<\/div>\n\t\t\t<\/div>\n\t\t\t\t\t<\/div>\n\t\t\t\t\t\t<\/div>\n\t\t\t\t<\/div>\n\t\t\t\t<div class=\"elementor-element elementor-element-33efbfb elementor-widget elementor-widget-testimonial\" data-id=\"33efbfb\" data-element_type=\"widget\" data-e-type=\"widget\" data-widget_type=\"testimonial.default\">\n\t\t\t\t<div class=\"elementor-widget-container\">\n\t\t\t\t\t\t\t<div class=\"elementor-testimonial-wrapper\">\n\t\t\t\t\t\t\t<div class=\"elementor-testimonial-content\">Hello Didier,<\/P>\nA big thank you for the photographer, beautiful pictures. <\/P>At the\npleasure, spend an excellent evening, friendly<\/div>\n\t\t\t\n\t\t\t\t\t\t<div class=\"elementor-testimonial-meta\">\n\t\t\t\t<div class=\"elementor-testimonial-meta-inner\">\n\t\t\t\t\t\n\t\t\t\t\t\t\t\t\t\t<div class=\"elementor-testimonial-details\">\n\t\t\t\t\t\t\t\t\t\t\t\t\t\t<div class=\"elementor-testimonial-name\">Chateau*@cr-bourgogne.fr<\/div>\n\t\t\t\t\t\t\t\t\t\t\t\t\t\t\t\t\t\t\t<\/div>\n\t\t\t\t\t\t\t\t\t<\/div>\n\t\t\t<\/div>\n\t\t\t\t\t<\/div>\n\t\t\t\t\t\t<\/div>\n\t\t\t\t<\/div>\n\t\t\t\t\t<\/div>\n\t\t<\/div>\n\t\t\t\t\t<\/div>\n\t\t<\/section>\n\t\t\t\t\t<\/div>\n\t\t<\/div>\n\t\t\t\t\t<\/div>\n\t\t<\/section>\n\t\t\t\t<\/div>\n\t\t","protected":false},"excerpt":{"rendered":"<p>T\u00e9moignages Une jolie experience en compagnie de Didier pour un premier shooting couple. Tr\u00e8s professionnel, pas du tout intrusif et le r\u00e9sultat est l\u00e0. Bravo et merci encore pour votre bienveillance Laure &#038; Greg J&rsquo;avais besoin d&rsquo;organiser une s\u00e9ance photo pour offrir un beau portrait de ses quatre enfants \u00e0 mon p\u00e8re, \u00e0 l&rsquo;occasion de &hellip; <\/p>\n<p class=\"link-more\"><a href=\"https:\/\/www.didier-formet-photographie.com\/index.php\/about-us\/elementor-3232\/\" class=\"more-link\">Continuer la lecture<span class=\"screen-reader-text\"> de &laquo;&nbsp;Avis clients&nbsp;&raquo;<\/span><\/a><\/p>\n","protected":false},"author":1,"featured_media":0,"parent":2659,"menu_order":0,"comment_status":"closed","ping_status":"closed","template":"","meta":{"footnotes":""},"class_list":["post-3232","page","type-page","status-publish","hentry"],"yoast_head":"<!-- This site is optimized with the Yoast SEO plugin v25.3.1 - https:\/\/yoast.com\/wordpress\/plugins\/seo\/ -->\n<title>Avis clients - Didier Formet Photographie<\/title>\n<meta name=\"robots\" content=\"index, follow, max-snippet:-1, max-image-preview:large, max-video-preview:-1\" \/>\n<link rel=\"canonical\" href=\"https:\/\/www.didier-formet-photographie.com\/index.php\/about-us\/elementor-3232\/\" \/>\n<meta property=\"og:locale\" content=\"fr_FR\" \/>\n<meta property=\"og:type\" content=\"article\" \/>\n<meta property=\"og:title\" content=\"Avis clients - Didier Formet Photographie\" \/>\n<meta property=\"og:description\" content=\"T\u00e9moignages Une jolie experience en compagnie de Didier pour un premier shooting couple. Tr\u00e8s professionnel, pas du tout intrusif et le r\u00e9sultat est l\u00e0. Bravo et merci encore pour votre bienveillance Laure &#038; Greg J&rsquo;avais besoin d&rsquo;organiser une s\u00e9ance photo pour offrir un beau portrait de ses quatre enfants \u00e0 mon p\u00e8re, \u00e0 l&rsquo;occasion de &hellip; Continuer la lecture de &laquo;&nbsp;Avis clients&nbsp;&raquo;\" \/>\n<meta property=\"og:url\" content=\"https:\/\/www.didier-formet-photographie.com\/index.php\/about-us\/elementor-3232\/\" \/>\n<meta property=\"og:site_name\" content=\"Didier Formet Photographie\" \/>\n<meta property=\"article:publisher\" content=\"https:\/\/www.facebook.com\/didierformetphotographe\/\" \/>\n<meta property=\"article:modified_time\" content=\"2023-11-23T15:46:59+00:00\" \/>\n<meta property=\"og:image\" content=\"https:\/\/s.w.org\/images\/core\/emoji\/14.0.0\/svg\/1f64f.svg\" \/>\n<meta name=\"twitter:card\" content=\"summary_large_image\" \/>\n<meta name=\"twitter:label1\" content=\"Dur\u00e9e de lecture estim\u00e9e\" \/>\n\t<meta name=\"twitter:data1\" content=\"4 minutes\" \/>\n<script type=\"application\/ld+json\" class=\"yoast-schema-graph\">{\"@context\":\"https:\/\/schema.org\",\"@graph\":[{\"@type\":\"WebPage\",\"@id\":\"https:\/\/www.didier-formet-photographie.com\/index.php\/about-us\/elementor-3232\/\",\"url\":\"https:\/\/www.didier-formet-photographie.com\/index.php\/about-us\/elementor-3232\/\",\"name\":\"Avis clients - Didier Formet Photographie\",\"isPartOf\":{\"@id\":\"https:\/\/www.didier-formet-photographie.com\/#website\"},\"primaryImageOfPage\":{\"@id\":\"https:\/\/www.didier-formet-photographie.com\/index.php\/about-us\/elementor-3232\/#primaryimage\"},\"image\":{\"@id\":\"https:\/\/www.didier-formet-photographie.com\/index.php\/about-us\/elementor-3232\/#primaryimage\"},\"thumbnailUrl\":\"https:\/\/s.w.org\/images\/core\/emoji\/14.0.0\/svg\/1f64f.svg\",\"datePublished\":\"2021-11-26T17:15:54+00:00\",\"dateModified\":\"2023-11-23T15:46:59+00:00\",\"breadcrumb\":{\"@id\":\"https:\/\/www.didier-formet-photographie.com\/index.php\/about-us\/elementor-3232\/#breadcrumb\"},\"inLanguage\":\"fr-FR\",\"potentialAction\":[{\"@type\":\"ReadAction\",\"target\":[\"https:\/\/www.didier-formet-photographie.com\/index.php\/about-us\/elementor-3232\/\"]}]},{\"@type\":\"ImageObject\",\"inLanguage\":\"fr-FR\",\"@id\":\"https:\/\/www.didier-formet-photographie.com\/index.php\/about-us\/elementor-3232\/#primaryimage\",\"url\":\"https:\/\/s.w.org\/images\/core\/emoji\/14.0.0\/svg\/1f64f.svg\",\"contentUrl\":\"https:\/\/s.w.org\/images\/core\/emoji\/14.0.0\/svg\/1f64f.svg\"},{\"@type\":\"BreadcrumbList\",\"@id\":\"https:\/\/www.didier-formet-photographie.com\/index.php\/about-us\/elementor-3232\/#breadcrumb\",\"itemListElement\":[{\"@type\":\"ListItem\",\"position\":1,\"name\":\"Accueil\",\"item\":\"https:\/\/www.didier-formet-photographie.com\/\"},{\"@type\":\"ListItem\",\"position\":2,\"name\":\"Pourquoi un portraitiste ?\",\"item\":\"https:\/\/www.didier-formet-photographie.com\/\"},{\"@type\":\"ListItem\",\"position\":3,\"name\":\"Avis clients\"}]},{\"@type\":\"WebSite\",\"@id\":\"https:\/\/www.didier-formet-photographie.com\/#website\",\"url\":\"https:\/\/www.didier-formet-photographie.com\/\",\"name\":\"Didier Formet Photographie\",\"description\":\"Votre portraitiste\",\"publisher\":{\"@id\":\"https:\/\/www.didier-formet-photographie.com\/#\/schema\/person\/bfb3590d294173992e9f8043d8521864\"},\"potentialAction\":[{\"@type\":\"SearchAction\",\"target\":{\"@type\":\"EntryPoint\",\"urlTemplate\":\"https:\/\/www.didier-formet-photographie.com\/?s={search_term_string}\"},\"query-input\":{\"@type\":\"PropertyValueSpecification\",\"valueRequired\":true,\"valueName\":\"search_term_string\"}}],\"inLanguage\":\"fr-FR\"},{\"@type\":[\"Person\",\"Organization\"],\"@id\":\"https:\/\/www.didier-formet-photographie.com\/#\/schema\/person\/bfb3590d294173992e9f8043d8521864\",\"name\":\"Didier Formet\",\"image\":{\"@type\":\"ImageObject\",\"inLanguage\":\"fr-FR\",\"@id\":\"https:\/\/www.didier-formet-photographie.com\/#\/schema\/person\/image\/\",\"url\":\"https:\/\/www.didier-formet-photographie.com\/wp-content\/uploads\/2023\/11\/df-portraitiste-blanc-fond-bleu.jpg\",\"contentUrl\":\"https:\/\/www.didier-formet-photographie.com\/wp-content\/uploads\/2023\/11\/df-portraitiste-blanc-fond-bleu.jpg\",\"width\":2481,\"height\":2481,\"caption\":\"Didier Formet\"},\"logo\":{\"@id\":\"https:\/\/www.didier-formet-photographie.com\/#\/schema\/person\/image\/\"},\"description\":\"Consultant et photographe, deux vrais m\u00e9tiers que je fais coexister\",\"sameAs\":[\"http:\/\/www.didier-formet-photographie.com\",\"https:\/\/www.facebook.com\/didierformetphotographe\/\",\"https:\/\/www.instagram.com\/didierformetphotographie\/\"]}]}<\/script>\n<!-- \/ Yoast SEO plugin. -->","yoast_head_json":{"title":"Avis clients - Didier Formet Photographie","robots":{"index":"index","follow":"follow","max-snippet":"max-snippet:-1","max-image-preview":"max-image-preview:large","max-video-preview":"max-video-preview:-1"},"canonical":"https:\/\/www.didier-formet-photographie.com\/index.php\/about-us\/elementor-3232\/","og_locale":"fr_FR","og_type":"article","og_title":"Avis clients - Didier Formet Photographie","og_description":"T\u00e9moignages Une jolie experience en compagnie de Didier pour un premier shooting couple. Tr\u00e8s professionnel, pas du tout intrusif et le r\u00e9sultat est l\u00e0. Bravo et merci encore pour votre bienveillance Laure &#038; Greg J&rsquo;avais besoin d&rsquo;organiser une s\u00e9ance photo pour offrir un beau portrait de ses quatre enfants \u00e0 mon p\u00e8re, \u00e0 l&rsquo;occasion de &hellip; Continuer la lecture de &laquo;&nbsp;Avis clients&nbsp;&raquo;","og_url":"https:\/\/www.didier-formet-photographie.com\/index.php\/about-us\/elementor-3232\/","og_site_name":"Didier Formet Photographie","article_publisher":"https:\/\/www.facebook.com\/didierformetphotographe\/","article_modified_time":"2023-11-23T15:46:59+00:00","og_image":[{"url":"https:\/\/s.w.org\/images\/core\/emoji\/14.0.0\/svg\/1f64f.svg","type":"","width":"","height":""}],"twitter_card":"summary_large_image","twitter_misc":{"Dur\u00e9e de lecture estim\u00e9e":"4 minutes"},"schema":{"@context":"https:\/\/schema.org","@graph":[{"@type":"WebPage","@id":"https:\/\/www.didier-formet-photographie.com\/index.php\/about-us\/elementor-3232\/","url":"https:\/\/www.didier-formet-photographie.com\/index.php\/about-us\/elementor-3232\/","name":"Avis clients - Didier Formet Photographie","isPartOf":{"@id":"https:\/\/www.didier-formet-photographie.com\/#website"},"primaryImageOfPage":{"@id":"https:\/\/www.didier-formet-photographie.com\/index.php\/about-us\/elementor-3232\/#primaryimage"},"image":{"@id":"https:\/\/www.didier-formet-photographie.com\/index.php\/about-us\/elementor-3232\/#primaryimage"},"thumbnailUrl":"https:\/\/s.w.org\/images\/core\/emoji\/14.0.0\/svg\/1f64f.svg","datePublished":"2021-11-26T17:15:54+00:00","dateModified":"2023-11-23T15:46:59+00:00","breadcrumb":{"@id":"https:\/\/www.didier-formet-photographie.com\/index.php\/about-us\/elementor-3232\/#breadcrumb"},"inLanguage":"fr-FR","potentialAction":[{"@type":"ReadAction","target":["https:\/\/www.didier-formet-photographie.com\/index.php\/about-us\/elementor-3232\/"]}]},{"@type":"ImageObject","inLanguage":"fr-FR","@id":"https:\/\/www.didier-formet-photographie.com\/index.php\/about-us\/elementor-3232\/#primaryimage","url":"https:\/\/s.w.org\/images\/core\/emoji\/14.0.0\/svg\/1f64f.svg","contentUrl":"https:\/\/s.w.org\/images\/core\/emoji\/14.0.0\/svg\/1f64f.svg"},{"@type":"BreadcrumbList","@id":"https:\/\/www.didier-formet-photographie.com\/index.php\/about-us\/elementor-3232\/#breadcrumb","itemListElement":[{"@type":"ListItem","position":1,"name":"Accueil","item":"https:\/\/www.didier-formet-photographie.com\/"},{"@type":"ListItem","position":2,"name":"Pourquoi un portraitiste ?","item":"https:\/\/www.didier-formet-photographie.com\/"},{"@type":"ListItem","position":3,"name":"Avis clients"}]},{"@type":"WebSite","@id":"https:\/\/www.didier-formet-photographie.com\/#website","url":"https:\/\/www.didier-formet-photographie.com\/","name":"Didier Formet Photographie","description":"Votre portraitiste","publisher":{"@id":"https:\/\/www.didier-formet-photographie.com\/#\/schema\/person\/bfb3590d294173992e9f8043d8521864"},"potentialAction":[{"@type":"SearchAction","target":{"@type":"EntryPoint","urlTemplate":"https:\/\/www.didier-formet-photographie.com\/?s={search_term_string}"},"query-input":{"@type":"PropertyValueSpecification","valueRequired":true,"valueName":"search_term_string"}}],"inLanguage":"fr-FR"},{"@type":["Person","Organization"],"@id":"https:\/\/www.didier-formet-photographie.com\/#\/schema\/person\/bfb3590d294173992e9f8043d8521864","name":"Didier Formet","image":{"@type":"ImageObject","inLanguage":"fr-FR","@id":"https:\/\/www.didier-formet-photographie.com\/#\/schema\/person\/image\/","url":"https:\/\/www.didier-formet-photographie.com\/wp-content\/uploads\/2023\/11\/df-portraitiste-blanc-fond-bleu.jpg","contentUrl":"https:\/\/www.didier-formet-photographie.com\/wp-content\/uploads\/2023\/11\/df-portraitiste-blanc-fond-bleu.jpg","width":2481,"height":2481,"caption":"Didier Formet"},"logo":{"@id":"https:\/\/www.didier-formet-photographie.com\/#\/schema\/person\/image\/"},"description":"Consultant et photographe, deux vrais m\u00e9tiers que je fais coexister","sameAs":["http:\/\/www.didier-formet-photographie.com","https:\/\/www.facebook.com\/didierformetphotographe\/","https:\/\/www.instagram.com\/didierformetphotographie\/"]}]}},"_links":{"self":[{"href":"https:\/\/www.didier-formet-photographie.com\/index.php\/wp-json\/wp\/v2\/pages\/3232","targetHints":{"allow":["GET"]}}],"collection":[{"href":"https:\/\/www.didier-formet-photographie.com\/index.php\/wp-json\/wp\/v2\/pages"}],"about":[{"href":"https:\/\/www.didier-formet-photographie.com\/index.php\/wp-json\/wp\/v2\/types\/page"}],"author":[{"embeddable":true,"href":"https:\/\/www.didier-formet-photographie.com\/index.php\/wp-json\/wp\/v2\/users\/1"}],"replies":[{"embeddable":true,"href":"https:\/\/www.didier-formet-photographie.com\/index.php\/wp-json\/wp\/v2\/comments?post=3232"}],"version-history":[{"count":108,"href":"https:\/\/www.didier-formet-photographie.com\/index.php\/wp-json\/wp\/v2\/pages\/3232\/revisions"}],"predecessor-version":[{"id":3715,"href":"https:\/\/www.didier-formet-photographie.com\/index.php\/wp-json\/wp\/v2\/pages\/3232\/revisions\/3715"}],"up":[{"embeddable":true,"href":"https:\/\/www.didier-formet-photographie.com\/index.php\/wp-json\/wp\/v2\/pages\/2659"}],"wp:attachment":[{"href":"https:\/\/www.didier-formet-photographie.com\/index.php\/wp-json\/wp\/v2\/media?parent=3232"}],"curies":[{"name":"wp","href":"https:\/\/api.w.org\/{rel}","templated":true}]}}