{"id":3684,"date":"2025-03-14T16:28:58","date_gmt":"2025-03-14T15:28:58","guid":{"rendered":"https:\/\/www.didier-formet-photographie.com\/?page_id=3684"},"modified":"2026-03-23T20:01:54","modified_gmt":"2026-03-23T19:01:54","slug":"principaux-tarifs","status":"publish","type":"page","link":"https:\/\/www.didier-formet-photographie.com\/index.php\/principaux-tarifs\/","title":{"rendered":"Tarifs &amp; Prestations"},"content":{"rendered":"\t\t<div data-elementor-type=\"wp-page\" data-elementor-id=\"3684\" class=\"elementor elementor-3684\">\n\t\t\t\t\t\t<section class=\"elementor-section elementor-top-section elementor-element elementor-element-6b87869a elementor-section-boxed elementor-section-height-default elementor-section-height-default\" data-id=\"6b87869a\" data-element_type=\"section\" data-e-type=\"section\">\n\t\t\t\t\t\t<div class=\"elementor-container elementor-column-gap-default\">\n\t\t\t\t\t<div class=\"elementor-column elementor-col-100 elementor-top-column elementor-element elementor-element-29973ebd\" data-id=\"29973ebd\" data-element_type=\"column\" data-e-type=\"column\">\n\t\t\t<div class=\"elementor-widget-wrap elementor-element-populated\">\n\t\t\t\t\t\t<div class=\"elementor-element elementor-element-328a2232 elementor-widget elementor-widget-text-editor\" data-id=\"328a2232\" data-element_type=\"widget\" data-e-type=\"widget\" data-widget_type=\"text-editor.default\">\n\t\t\t\t<div class=\"elementor-widget-container\">\n\t\t\t\t\t\t\t\t\t<h3><em>Tous vos projets sont les bienvenus !&nbsp; &nbsp; Devis gratuit<br><\/em><\/h3>\n<h3><strong>Portraits et reportages<\/strong><\/h3><strong>\n<\/strong><p><strong><\/strong><\/p>\n<p><!-- \/wp:heading --><\/p>\n<p><!-- wp:paragraph --><\/p>\n<p><em>Inclus pour tous les forfaits : entretien pr\u00e9paratoire, post-traitement, livraisons des fichiers num\u00e9riques et galerie priv\u00e9e en ligne.<\/em><br><!-- \/wp:paragraph --><\/p>\n<figure>\n<table>\n<thead>\n<\/thead>\n<tbody>\n<tr>\n<td style=\"text-align: left;\"><strong>Portrait (studio) : personne, enfant, animal<\/strong><\/td>\n<td style=\"text-align: right;\">86 \u20ac<\/td>\n<\/tr>\n<tr>\n<td style=\"text-align: left;\"><strong>Portrait couple (au studio)<\/strong><\/td>\n<td style=\"text-align: right;\">115 \u20ac<\/td>\n<\/tr>\n<tr>\n<td style=\"text-align: left;\"><strong>Famille\/Groupe (studio mobile \u00e0 votre domicile)<\/strong><\/td>\n<td style=\"text-align: right;\">159 \u20ac<\/td>\n<\/tr>\n<tr>\n<td style=\"text-align: left;\"><strong>Trombinoscope entreprise\/club (par tranche de 10 personnes)<\/strong><\/td>\n<td style=\"text-align: right;\">134 \u20ac<\/td>\n<\/tr>\n<tr>\n<td style=\"text-align: left;\"><strong>Reportage (\u00bd journ\u00e9e sur site)<\/strong><\/td>\n<td style=\"text-align: right;\">224 \u20ac<\/td>\n<\/tr>\n<\/tbody>\n<\/table>\n<strong>S\u00e9ance argentique (pellicule &amp; d\u00e9veloppement)<\/strong> : \n          suppl\u00e9ment de 80 \u20ac\n<\/figure>\n<p><!-- wp:paragraph --><\/p>\n<p><!-- \/wp:separator --><\/p>\n<p><!-- wp:heading {\"level\":3} --><\/p>\n<p><!-- \/wp:heading --><\/p>\n<p><!-- wp:list --><\/p>\n<ul>\n<li style=\"list-style-type: none;\">\n<ul><!-- wp:list-item --><\/ul>\n<\/li>\n<\/ul>\n<ul>\n<li style=\"list-style-type: none;\">\n<ul>\n<li><strong>Photos d\u2019identit\u00e9<\/strong> :<\/li>\n<li>Agr\u00e9\u00e9e ANTS (tous pays) : <strong style=\"font-size: 1rem;\">18 \u20ac<\/strong><\/li>\n<li><span style=\"font-size: 1rem;\">E-photo agr\u00e9\u00e9e ANTS ou b\u00e9b\u00e9 de moins de 2 ans : <\/span><strong style=\"font-size: 1rem;\">&nbsp;22 \u20ac<\/strong><\/li>\n<\/ul>\n<\/li>\n<\/ul>\n<p><!-- \/wp:list-item --><\/p>\n<p><!-- \/wp:list --><\/p>\n<p><!-- wp:paragraph --><\/p>\n<p><!-- \/wp:paragraph --><\/p>\n<p><!-- wp:list --><\/p>\n<ul>\n<li style=\"list-style-type: none;\">\n<ul><!-- wp:list-item --><\/ul>\n<\/li>\n<\/ul>\n<ul>\n<li style=\"list-style-type: none;\">\n<ul>\n<li><strong>Mariages &amp; \u00c9v\u00e9nements<\/strong> :<\/li>\n<li><span style=\"font-size: 1rem;\"><span style=\"font-size: 1rem;\">&nbsp; Selon prestations choisies (pr\u00e9paratifs, mairie, c\u00e9r\u00e9monie, vin d\u2019honneur, r\u00e9ception, f\u00eate\u2026) :<\/span><\/span><\/li>\n<p>\u00e0 partir de <strong style=\"font-size: 1rem;\">250 \u20ac<\/strong>\n<\/p><\/ul>\n<\/li>\n<\/ul>\n<p><!-- \/wp:list-item --><\/p>\n<p><!-- \/wp:list --><\/p>\n<p><!-- wp:separator --><\/p>\n<h3><strong>Options <\/strong><\/h3>\n<p><!-- \/wp:heading --><\/p>\n<p><!-- wp:list --><\/p>\n<ul>\n<li style=\"list-style-type: none;\">\n<ul><!-- wp:list-item --><\/ul>\n<\/li>\n<\/ul>\n<ul>\n<li style=\"list-style-type: none;\">\n<ul>\n<li><strong>D\u00e9placement<\/strong> : Forfait 25 km aller-retour <strong>20 \u20ac<\/strong><\/li>\n<li><b style=\"font-size: 1rem;\">Fourniture et installation d&rsquo;un studio mobile<\/b><span style=\"font-size: 1rem;\"> (\u00e9clairage, fonds) : <\/span><strong style=\"font-size: 1rem;\">24 \u20ac<\/strong><\/li>\n<li><strong style=\"font-size: 1rem;\">Tirages FineArt qualit\u00e9 mus\u00e9e<\/strong><span style=\"font-size: 1rem;\"> (10&#215;15 cm jusqu&rsquo;au poster) : sur devis<\/span><\/li>\n<li><strong style=\"font-size: 1rem;\">Conception cr\u00e9ation d&rsquo;un livre album photos :&nbsp;<\/strong><strong style=\"font-size: 1rem;\">34 \u20ac<\/strong><\/li>\n<li><strong style=\"font-size: 1rem;\">Autres options <\/strong><span style=\"font-size: 1rem;\">: coffret prestige, poster, encadrement, mug, tapis souris, plaque \u00e9mail fun\u00e9raire, etc.. : <\/span><em style=\"font-size: 1rem;\">Devis personnalis\u00e9 sur demande<\/em><span style=\"font-size: 1rem;\">.<\/span><\/li>\n<\/ul>\n<\/li>\n<\/ul>\n<p><!-- \/wp:list-item --><\/p>\n<p><!-- \/wp:list --><\/p>\n<p><!-- wp:separator --><\/p>\n<p><!-- \/wp:separator --><\/p>\n<p><!-- wp:heading {\"level\":3} --><\/p>\n<h3><strong>Immobilier &amp; V\u00e9hicules<\/strong> : des photos attrayantes de vos biens<br><em style=\"font-size: 1rem;\">Inclus : d\u00e9placement (10 km), post-traitement et fichiers num\u00e9riques.<\/em><\/h3>\n<div>\n<table style=\"width: 722px; table-layout: fixed; height: 190px;\">\n<tbody>\n<tr>\n<td style=\"padding-top: 0.5em; padding-right: 0.5em; padding-bottom: 0.5em; border: 0px; word-break: break-word;\">Appartement\/local \u2264 100 m\u00b2<\/td>\n<td style=\"padding-top: 0.5em; padding-bottom: 0.5em; padding-left: 0.5em; border: 0px; word-break: break-word;\">29 \u20ac<\/td>\n<\/tr>\n<tr>\n<td style=\"padding-top: 0.5em; padding-right: 0.5em; padding-bottom: 0.5em; border: 0px; word-break: break-word;\">Appartement\/local &gt; 100 m\u00b2<\/td>\n<td style=\"padding-top: 0.5em; padding-bottom: 0.5em; padding-left: 0.5em; border: 0px; word-break: break-word;\">40 \u20ac<\/td>\n<\/tr>\n<tr>\n<td style=\"padding-top: 0.5em; padding-right: 0.5em; padding-bottom: 0.5em; border: 0px; word-break: break-word;\">Maison\/Espaces industriels<\/td>\n<td style=\"padding-top: 0.5em; padding-bottom: 0.5em; padding-left: 0.5em; border: 0px; word-break: break-word;\">49 \u20ac<\/td>\n<\/tr>\n<tr>\n<td style=\"padding-top: 0.5em; padding-right: 0.5em; padding-bottom: 0.5em; border: 0px; word-break: break-word;\">V\u00e9hicule<\/td>\n<td style=\"padding-top: 0.5em; padding-bottom: 0.5em; padding-left: 0.5em; border: 0px; word-break: break-word;\">20 \u20ac<\/td>\n<\/tr>\n<\/tbody>\n<\/table>\n<\/div>\n<p><!-- \/wp:paragraph --><\/p>\n<p><!-- wp:table --><\/p>\n<figure><\/figure>\n<p><!-- \/wp:table --><\/p>\n<p><!-- wp:separator --><\/p>\n<p><!-- \/wp:separator --><\/p>\n<p><!-- wp:heading {\"level\":3} --><\/p>\n<h3><strong>Ressuscitez vos souvenirs !<\/strong><br><\/h3>\n<div>\n<table class=\"has-fixed-layout\" style=\"width: 722px; table-layout: fixed; height: 190px;\">\n<tbody>Num\u00e9risation de diapositive ou n\u00e9gatif argentique (tarif par 10) <strong>:&nbsp; 14 \u20ac<\/strong><br>\n<br>Num\u00e9risation de photos papier sans n\u00e9gatif (tarif par 10) :&nbsp; <strong>14 \u20ac<\/strong><br>Num\u00e9risation et restauration de tirages anciens abim\u00e9s \/ retouche \/ montage :&nbsp; <strong>23 \u20ac<\/strong><br>Num\u00e9risation haute d\u00e9finition jusqu&rsquo;\u00e0 4800 ppp, avec correction de luminosit\u00e9 et de couleurs\n<p><!-- \/wp:heading --><\/p>\n<p><!-- wp:separator --><\/p>\n<p><!-- \/wp:separator --><\/p>\n<p><!-- wp:heading {\"level\":3} --><\/p>\n<h3><strong>Cours de photographie <\/strong>argentique ou num\u00e9rique (heure)<strong> 30 \u20ac<\/strong><\/h3>\n<p><!-- \/wp:heading --><\/p>\n<p><!-- wp:heading {\"level\":3} --><\/p>\n<h3><img role=\"img\" draggable=\"false\" <strong>Contact &amp; Informations L\u00e9gales<\/strong><\/h3>\n<p><!-- \/wp:heading --><\/p>\n<p><!-- wp:list --><\/p>\n<ul>\n<li style=\"list-style-type: none;\">\n<ul><!-- wp:list-item --><\/ul>\n<\/li>\n<\/ul>\n<ul>\n<li style=\"list-style-type: none;\">\n<ul>\n<li><strong>T\u00e9l\u00e9phone<\/strong> : 06 21 02 11 24<\/li>\n<\/ul>\n<\/li>\n<\/ul>\n<p><!-- \/wp:list-item --><\/p>\n<p><!-- wp:list-item --><\/p>\n<ul>\n<li style=\"list-style-type: none;\">\n<ul>\n<li><strong>Email<\/strong> : contact@didier-formet-photographie.com<\/li>\n<\/ul>\n<\/li>\n<\/ul>\n<p><!-- \/wp:list-item --><\/p>\n<p><!-- wp:list-item --><\/p>\n<ul>\n<li style=\"list-style-type: none;\">\n<ul>\n<li><strong>R\u00e9seaux sociaux<\/strong> :<\/li>\n<\/ul>\n<\/li>\n<\/ul>\n<p><!-- \/wp:list-item --><\/p>\n<p><!-- wp:list-item --><\/p>\n<ul>\n<li style=\"list-style-type: none;\">\n<ul>\n<li>Instagram : <a href=\"https:\/\/www.instagram.com\/didierformetphotographie\/\">@didierformetphotographe<\/a><\/li>\n<\/ul>\n<\/li>\n<\/ul>\n<p><!-- \/wp:list-item --><\/p>\n<p><!-- wp:list-item --><\/p>\n<ul>\n<li style=\"list-style-type: none;\">\n<ul>\n<li>Facebook : <a href=\"https:\/\/www.facebook.com\/didierformetphotographe\">@didierformetphotographie<\/a><\/li>\n<\/ul>\n<\/li>\n<\/ul>\n<p><!-- \/wp:list-item --><\/p>\n<p><!-- wp:list-item --><\/p>\n<ul>\n<li style=\"list-style-type: none;\">\n<ul>\n<li><strong>Mentions l\u00e9gales<\/strong> : <em>TVA non applicable (art. 293B du CGI) \u2013 Siret 790 361 414 00028<\/em><\/li>\n<\/ul>\n<\/li>\n<\/ul>\n<p><!-- \/wp:list-item --><\/p>\n<p><!-- \/wp:list --><\/p>\n<p><!-- wp:separator --><\/p>\n<p><!-- \/wp:separator --><\/p>\n<p><!-- wp:paragraph --><\/p>\n<p><!-- \/wp:paragraph --><\/p>\n<p><!-- wp:paragraph --><\/p>\n<p><!-- \/wp:paragraph --><\/p>\t\t\t\t\t\t\t\t<\/div>\n\t\t\t\t<\/div>\n\t\t\t\t\t<\/div>\n\t\t<\/div>\n\t\t\t\t\t<\/div>\n\t\t<\/section>\n\t\t\t\t<\/div>\n\t\t","protected":false},"excerpt":{"rendered":"<p>Tous vos projets sont les bienvenus !&nbsp; &nbsp; Devis gratuit Portraits et reportages Inclus pour tous les forfaits : entretien pr\u00e9paratoire, post-traitement, livraisons des fichiers num\u00e9riques et galerie priv\u00e9e en ligne. Portrait (studio) : personne, enfant, animal 86 \u20ac Portrait couple (au studio) 115 \u20ac Famille\/Groupe (studio mobile \u00e0 votre domicile) 159 \u20ac Trombinoscope entreprise\/club &hellip; <\/p>\n<p class=\"link-more\"><a href=\"https:\/\/www.didier-formet-photographie.com\/index.php\/principaux-tarifs\/\" class=\"more-link\">Continuer la lecture<span class=\"screen-reader-text\"> de &laquo;&nbsp;Tarifs &amp; Prestations&nbsp;&raquo;<\/span><\/a><\/p>\n","protected":false},"author":1,"featured_media":0,"parent":0,"menu_order":0,"comment_status":"closed","ping_status":"closed","template":"","meta":{"footnotes":""},"class_list":["post-3684","page","type-page","status-publish","hentry"],"yoast_head":"<!-- This site is optimized with the Yoast SEO plugin v25.3.1 - https:\/\/yoast.com\/wordpress\/plugins\/seo\/ -->\n<title>Tarifs &amp; Prestations - Didier Formet Photographie<\/title>\n<meta name=\"robots\" content=\"index, follow, max-snippet:-1, max-image-preview:large, max-video-preview:-1\" \/>\n<link rel=\"canonical\" href=\"https:\/\/www.didier-formet-photographie.com\/index.php\/principaux-tarifs\/\" \/>\n<meta property=\"og:locale\" content=\"fr_FR\" \/>\n<meta property=\"og:type\" content=\"article\" \/>\n<meta property=\"og:title\" content=\"Tarifs &amp; Prestations - Didier Formet Photographie\" \/>\n<meta property=\"og:description\" content=\"Tous vos projets sont les bienvenus !&nbsp; &nbsp; Devis gratuit Portraits et reportages Inclus pour tous les forfaits : entretien pr\u00e9paratoire, post-traitement, livraisons des fichiers num\u00e9riques et galerie priv\u00e9e en ligne. Portrait (studio) : personne, enfant, animal 86 \u20ac Portrait couple (au studio) 115 \u20ac Famille\/Groupe (studio mobile \u00e0 votre domicile) 159 \u20ac Trombinoscope entreprise\/club &hellip; Continuer la lecture de &laquo;&nbsp;Tarifs &amp; Prestations&nbsp;&raquo;\" \/>\n<meta property=\"og:url\" content=\"https:\/\/www.didier-formet-photographie.com\/index.php\/principaux-tarifs\/\" \/>\n<meta property=\"og:site_name\" content=\"Didier Formet Photographie\" \/>\n<meta property=\"article:publisher\" content=\"https:\/\/www.facebook.com\/didierformetphotographe\/\" \/>\n<meta property=\"article:modified_time\" content=\"2026-03-23T19:01:54+00:00\" \/>\n<meta property=\"og:image\" content=\"https:\/\/www.didier-formet-photographie.com\/wp-content\/uploads\/2021\/11\/df-portraitiste-valide-blanc-elargi-bandeau-5-scaled.jpg\" \/>\n\t<meta property=\"og:image:width\" content=\"2560\" \/>\n\t<meta property=\"og:image:height\" content=\"1067\" \/>\n\t<meta property=\"og:image:type\" content=\"image\/jpeg\" \/>\n<meta name=\"twitter:card\" content=\"summary_large_image\" \/>\n<meta name=\"twitter:label1\" content=\"Dur\u00e9e de lecture estim\u00e9e\" \/>\n\t<meta name=\"twitter:data1\" content=\"2 minutes\" \/>\n<script type=\"application\/ld+json\" class=\"yoast-schema-graph\">{\"@context\":\"https:\/\/schema.org\",\"@graph\":[{\"@type\":\"WebPage\",\"@id\":\"https:\/\/www.didier-formet-photographie.com\/index.php\/principaux-tarifs\/\",\"url\":\"https:\/\/www.didier-formet-photographie.com\/index.php\/principaux-tarifs\/\",\"name\":\"Tarifs &amp; Prestations - Didier Formet Photographie\",\"isPartOf\":{\"@id\":\"https:\/\/www.didier-formet-photographie.com\/#website\"},\"datePublished\":\"2025-03-14T15:28:58+00:00\",\"dateModified\":\"2026-03-23T19:01:54+00:00\",\"breadcrumb\":{\"@id\":\"https:\/\/www.didier-formet-photographie.com\/index.php\/principaux-tarifs\/#breadcrumb\"},\"inLanguage\":\"fr-FR\",\"potentialAction\":[{\"@type\":\"ReadAction\",\"target\":[\"https:\/\/www.didier-formet-photographie.com\/index.php\/principaux-tarifs\/\"]}]},{\"@type\":\"BreadcrumbList\",\"@id\":\"https:\/\/www.didier-formet-photographie.com\/index.php\/principaux-tarifs\/#breadcrumb\",\"itemListElement\":[{\"@type\":\"ListItem\",\"position\":1,\"name\":\"Accueil\",\"item\":\"https:\/\/www.didier-formet-photographie.com\/\"},{\"@type\":\"ListItem\",\"position\":2,\"name\":\"Tarifs &amp; Prestations\"}]},{\"@type\":\"WebSite\",\"@id\":\"https:\/\/www.didier-formet-photographie.com\/#website\",\"url\":\"https:\/\/www.didier-formet-photographie.com\/\",\"name\":\"Didier Formet Photographie\",\"description\":\"Votre portraitiste\",\"publisher\":{\"@id\":\"https:\/\/www.didier-formet-photographie.com\/#\/schema\/person\/bfb3590d294173992e9f8043d8521864\"},\"potentialAction\":[{\"@type\":\"SearchAction\",\"target\":{\"@type\":\"EntryPoint\",\"urlTemplate\":\"https:\/\/www.didier-formet-photographie.com\/?s={search_term_string}\"},\"query-input\":{\"@type\":\"PropertyValueSpecification\",\"valueRequired\":true,\"valueName\":\"search_term_string\"}}],\"inLanguage\":\"fr-FR\"},{\"@type\":[\"Person\",\"Organization\"],\"@id\":\"https:\/\/www.didier-formet-photographie.com\/#\/schema\/person\/bfb3590d294173992e9f8043d8521864\",\"name\":\"Didier Formet\",\"image\":{\"@type\":\"ImageObject\",\"inLanguage\":\"fr-FR\",\"@id\":\"https:\/\/www.didier-formet-photographie.com\/#\/schema\/person\/image\/\",\"url\":\"https:\/\/www.didier-formet-photographie.com\/wp-content\/uploads\/2023\/11\/df-portraitiste-blanc-fond-bleu.jpg\",\"contentUrl\":\"https:\/\/www.didier-formet-photographie.com\/wp-content\/uploads\/2023\/11\/df-portraitiste-blanc-fond-bleu.jpg\",\"width\":2481,\"height\":2481,\"caption\":\"Didier Formet\"},\"logo\":{\"@id\":\"https:\/\/www.didier-formet-photographie.com\/#\/schema\/person\/image\/\"},\"description\":\"Consultant et photographe, deux vrais m\u00e9tiers que je fais coexister\",\"sameAs\":[\"http:\/\/www.didier-formet-photographie.com\",\"https:\/\/www.facebook.com\/didierformetphotographe\/\",\"https:\/\/www.instagram.com\/didierformetphotographie\/\"]}]}<\/script>\n<!-- \/ Yoast SEO plugin. -->","yoast_head_json":{"title":"Tarifs &amp; Prestations - Didier Formet Photographie","robots":{"index":"index","follow":"follow","max-snippet":"max-snippet:-1","max-image-preview":"max-image-preview:large","max-video-preview":"max-video-preview:-1"},"canonical":"https:\/\/www.didier-formet-photographie.com\/index.php\/principaux-tarifs\/","og_locale":"fr_FR","og_type":"article","og_title":"Tarifs &amp; Prestations - Didier Formet Photographie","og_description":"Tous vos projets sont les bienvenus !&nbsp; &nbsp; Devis gratuit Portraits et reportages Inclus pour tous les forfaits : entretien pr\u00e9paratoire, post-traitement, livraisons des fichiers num\u00e9riques et galerie priv\u00e9e en ligne. Portrait (studio) : personne, enfant, animal 86 \u20ac Portrait couple (au studio) 115 \u20ac Famille\/Groupe (studio mobile \u00e0 votre domicile) 159 \u20ac Trombinoscope entreprise\/club &hellip; Continuer la lecture de &laquo;&nbsp;Tarifs &amp; Prestations&nbsp;&raquo;","og_url":"https:\/\/www.didier-formet-photographie.com\/index.php\/principaux-tarifs\/","og_site_name":"Didier Formet Photographie","article_publisher":"https:\/\/www.facebook.com\/didierformetphotographe\/","article_modified_time":"2026-03-23T19:01:54+00:00","og_image":[{"width":2560,"height":1067,"url":"https:\/\/www.didier-formet-photographie.com\/wp-content\/uploads\/2021\/11\/df-portraitiste-valide-blanc-elargi-bandeau-5-scaled.jpg","type":"image\/jpeg"}],"twitter_card":"summary_large_image","twitter_misc":{"Dur\u00e9e de lecture estim\u00e9e":"2 minutes"},"schema":{"@context":"https:\/\/schema.org","@graph":[{"@type":"WebPage","@id":"https:\/\/www.didier-formet-photographie.com\/index.php\/principaux-tarifs\/","url":"https:\/\/www.didier-formet-photographie.com\/index.php\/principaux-tarifs\/","name":"Tarifs &amp; Prestations - Didier Formet Photographie","isPartOf":{"@id":"https:\/\/www.didier-formet-photographie.com\/#website"},"datePublished":"2025-03-14T15:28:58+00:00","dateModified":"2026-03-23T19:01:54+00:00","breadcrumb":{"@id":"https:\/\/www.didier-formet-photographie.com\/index.php\/principaux-tarifs\/#breadcrumb"},"inLanguage":"fr-FR","potentialAction":[{"@type":"ReadAction","target":["https:\/\/www.didier-formet-photographie.com\/index.php\/principaux-tarifs\/"]}]},{"@type":"BreadcrumbList","@id":"https:\/\/www.didier-formet-photographie.com\/index.php\/principaux-tarifs\/#breadcrumb","itemListElement":[{"@type":"ListItem","position":1,"name":"Accueil","item":"https:\/\/www.didier-formet-photographie.com\/"},{"@type":"ListItem","position":2,"name":"Tarifs &amp; Prestations"}]},{"@type":"WebSite","@id":"https:\/\/www.didier-formet-photographie.com\/#website","url":"https:\/\/www.didier-formet-photographie.com\/","name":"Didier Formet Photographie","description":"Votre portraitiste","publisher":{"@id":"https:\/\/www.didier-formet-photographie.com\/#\/schema\/person\/bfb3590d294173992e9f8043d8521864"},"potentialAction":[{"@type":"SearchAction","target":{"@type":"EntryPoint","urlTemplate":"https:\/\/www.didier-formet-photographie.com\/?s={search_term_string}"},"query-input":{"@type":"PropertyValueSpecification","valueRequired":true,"valueName":"search_term_string"}}],"inLanguage":"fr-FR"},{"@type":["Person","Organization"],"@id":"https:\/\/www.didier-formet-photographie.com\/#\/schema\/person\/bfb3590d294173992e9f8043d8521864","name":"Didier Formet","image":{"@type":"ImageObject","inLanguage":"fr-FR","@id":"https:\/\/www.didier-formet-photographie.com\/#\/schema\/person\/image\/","url":"https:\/\/www.didier-formet-photographie.com\/wp-content\/uploads\/2023\/11\/df-portraitiste-blanc-fond-bleu.jpg","contentUrl":"https:\/\/www.didier-formet-photographie.com\/wp-content\/uploads\/2023\/11\/df-portraitiste-blanc-fond-bleu.jpg","width":2481,"height":2481,"caption":"Didier Formet"},"logo":{"@id":"https:\/\/www.didier-formet-photographie.com\/#\/schema\/person\/image\/"},"description":"Consultant et photographe, deux vrais m\u00e9tiers que je fais coexister","sameAs":["http:\/\/www.didier-formet-photographie.com","https:\/\/www.facebook.com\/didierformetphotographe\/","https:\/\/www.instagram.com\/didierformetphotographie\/"]}]}},"_links":{"self":[{"href":"https:\/\/www.didier-formet-photographie.com\/index.php\/wp-json\/wp\/v2\/pages\/3684","targetHints":{"allow":["GET"]}}],"collection":[{"href":"https:\/\/www.didier-formet-photographie.com\/index.php\/wp-json\/wp\/v2\/pages"}],"about":[{"href":"https:\/\/www.didier-formet-photographie.com\/index.php\/wp-json\/wp\/v2\/types\/page"}],"author":[{"embeddable":true,"href":"https:\/\/www.didier-formet-photographie.com\/index.php\/wp-json\/wp\/v2\/users\/1"}],"replies":[{"embeddable":true,"href":"https:\/\/www.didier-formet-photographie.com\/index.php\/wp-json\/wp\/v2\/comments?post=3684"}],"version-history":[{"count":70,"href":"https:\/\/www.didier-formet-photographie.com\/index.php\/wp-json\/wp\/v2\/pages\/3684\/revisions"}],"predecessor-version":[{"id":3895,"href":"https:\/\/www.didier-formet-photographie.com\/index.php\/wp-json\/wp\/v2\/pages\/3684\/revisions\/3895"}],"wp:attachment":[{"href":"https:\/\/www.didier-formet-photographie.com\/index.php\/wp-json\/wp\/v2\/media?parent=3684"}],"curies":[{"name":"wp","href":"https:\/\/api.w.org\/{rel}","templated":true}]}}